{"id":5,"date":"2024-01-18T18:00:39","date_gmt":"2024-01-18T18:00:39","guid":{"rendered":"http:\/\/wp.von-den-ohrewiesen.de\/willkommen-auf-http-wp-von-den-ohrewiesen-de\/"},"modified":"2024-02-04T21:13:45","modified_gmt":"2024-02-04T21:13:45","slug":"willkommen-auf-http-wp-von-den-ohrewiesen-de","status":"publish","type":"page","link":"https:\/\/www.von-den-ohrewiesen.de\/","title":{"rendered":"Herzlich Willkommen bei unseren Norwegischen Waldkatzen &#8222;von den Ohrewiesen&#8220;"},"content":{"rendered":"\n<div class=\"wp-block-columns is-layout-flex wp-container-core-columns-is-layout-9d6595d7 wp-block-columns-is-layout-flex\">\n<div class=\"wp-block-column is-layout-flow wp-block-column-is-layout-flow\"><div class=\"wp-block-image\">\n<figure class=\"aligncenter size-full\"><img loading=\"lazy\" decoding=\"async\" width=\"426\" height=\"640\" src=\"http:\/\/www.von-den-ohrewiesen.de\/wp-content\/uploads\/2024\/02\/IMG_7986b.jpg\" alt=\"\" class=\"wp-image-134\" srcset=\"https:\/\/www.von-den-ohrewiesen.de\/wp-content\/uploads\/2024\/02\/IMG_7986b.jpg 426w, https:\/\/www.von-den-ohrewiesen.de\/wp-content\/uploads\/2024\/02\/IMG_7986b-200x300.jpg 200w\" sizes=\"auto, (max-width: 426px) 100vw, 426px\" \/><\/figure>\n<\/div><\/div>\n\n\n\n<div class=\"wp-block-column is-layout-flow wp-block-column-is-layout-flow\">\n<p>Mein Name ist Carmen Willecke, ich bin Mitglied im <a href=\"https:\/\/tku-ev.de\/\" data-type=\"link\" data-id=\"https:\/\/tku-ev.de\/\" target=\"_blank\" rel=\"noreferrer noopener\">Th\u00fcringer Katzen Union e.V<\/a><a href=\"https:\/\/tku-ev.de\/\" data-type=\"link\" data-id=\"https:\/\/tku-ev.de\/\">.<\/a> und z\u00fcchte in Hermsdorf Norwegische Waldkatzen.<\/p>\n\n\n\n<p>Auf den folgenden Seiten m\u00f6chte ich Euch \u00fcber Rassestandarts, meine Zucht und Zuchtziele informieren.<\/p>\n\n\n\n<p>Ich m\u00f6chte auch ein paar Tipps zur Katzenhaltung geben, sowie \u00fcber die Vorraussetzungen eines guten Katzenzuhause berichten.<\/p>\n\n\n\n<p>Viel Spa\u00df beim durchst\u00f6bern meiner Homepage<\/p>\n<\/div>\n<\/div>\n\n\n\n<p><\/p>\n","protected":false},"excerpt":{"rendered":"<p>Mein Name ist Carmen Willecke, ich bin Mitglied im Th\u00fcringer Katzen Union e.V. und z\u00fcchte in Hermsdorf Norwegische Waldkatzen. Auf den folgenden Seiten m\u00f6chte ich Euch \u00fcber Rassestandarts, meine Zucht und Zuchtziele informieren. Ich m\u00f6chte auch ein paar Tipps zur Katzenhaltung geben, sowie \u00fcber die Vorraussetzungen eines guten Katzenzuhause berichten. Viel Spa\u00df beim durchst\u00f6bern meiner [&hellip;]<\/p>\n","protected":false},"author":3,"featured_media":0,"parent":0,"menu_order":0,"comment_status":"closed","ping_status":"open","template":"","meta":{"footnotes":""},"class_list":["post-5","page","type-page","status-publish","hentry","post"],"_links":{"self":[{"href":"https:\/\/www.von-den-ohrewiesen.de\/index.php?rest_route=\/wp\/v2\/pages\/5","targetHints":{"allow":["GET"]}}],"collection":[{"href":"https:\/\/www.von-den-ohrewiesen.de\/index.php?rest_route=\/wp\/v2\/pages"}],"about":[{"href":"https:\/\/www.von-den-ohrewiesen.de\/index.php?rest_route=\/wp\/v2\/types\/page"}],"author":[{"embeddable":true,"href":"https:\/\/www.von-den-ohrewiesen.de\/index.php?rest_route=\/wp\/v2\/users\/3"}],"replies":[{"embeddable":true,"href":"https:\/\/www.von-den-ohrewiesen.de\/index.php?rest_route=%2Fwp%2Fv2%2Fcomments&post=5"}],"version-history":[{"count":6,"href":"https:\/\/www.von-den-ohrewiesen.de\/index.php?rest_route=\/wp\/v2\/pages\/5\/revisions"}],"predecessor-version":[{"id":136,"href":"https:\/\/www.von-den-ohrewiesen.de\/index.php?rest_route=\/wp\/v2\/pages\/5\/revisions\/136"}],"wp:attachment":[{"href":"https:\/\/www.von-den-ohrewiesen.de\/index.php?rest_route=%2Fwp%2Fv2%2Fmedia&parent=5"}],"curies":[{"name":"wp","href":"https:\/\/api.w.org\/{rel}","templated":true}]}}